{"id":1888,"date":"2026-07-28T10:52:49","date_gmt":"2026-07-28T08:52:49","guid":{"rendered":"https:\/\/www.amitour.it\/politica-de-privacidad\/"},"modified":"2026-07-28T11:51:56","modified_gmt":"2026-07-28T09:51:56","slug":"politica-de-privacidad","status":"publish","type":"page","link":"https:\/\/www.amitour.it\/es\/politica-de-privacidad\/","title":{"rendered":"Pol\u00edtica de privacidad"},"content":{"rendered":"\t\t<div data-elementor-type=\"wp-page\" data-elementor-id=\"1888\" class=\"elementor elementor-1888 elementor-1872\" data-elementor-post-type=\"page\">\n\t\t\t\t\t\t<section class=\"elementor-section elementor-top-section elementor-element elementor-element-cf533ba elementor-section-boxed elementor-section-height-default elementor-section-height-default\" data-id=\"cf533ba\" data-element_type=\"section\" data-e-type=\"section\">\n\t\t\t\t\t\t<div class=\"elementor-container elementor-column-gap-default\">\n\t\t\t\t\t<div class=\"elementor-column elementor-col-100 elementor-top-column elementor-element elementor-element-19177c8\" data-id=\"19177c8\" data-element_type=\"column\" data-e-type=\"column\">\n\t\t\t<div class=\"elementor-widget-wrap elementor-element-populated\">\n\t\t\t\t\t\t<div class=\"elementor-element elementor-element-f18c644 elementor-widget elementor-widget-heading\" data-id=\"f18c644\" data-element_type=\"widget\" data-e-type=\"widget\" data-widget_type=\"heading.default\">\n\t\t\t\t\t<h2 class=\"elementor-heading-title elementor-size-default\">Pol\u00edtica de privacidad<\/h2>\t\t\t\t<\/div>\n\t\t\t\t\t<\/div>\n\t\t<\/div>\n\t\t\t\t\t<\/div>\n\t\t<\/section>\n\t\t\t\t<section class=\"elementor-section elementor-top-section elementor-element elementor-element-5cda57f elementor-section-boxed elementor-section-height-default elementor-section-height-default\" data-id=\"5cda57f\" data-element_type=\"section\" data-e-type=\"section\">\n\t\t\t\t\t\t<div class=\"elementor-container elementor-column-gap-default\">\n\t\t\t\t\t<div class=\"elementor-column elementor-col-100 elementor-top-column elementor-element elementor-element-44d3803\" data-id=\"44d3803\" data-element_type=\"column\" data-e-type=\"column\">\n\t\t\t<div class=\"elementor-widget-wrap elementor-element-populated\">\n\t\t\t\t\t\t<div class=\"elementor-element elementor-element-bf9dc52 elementor-widget elementor-widget-heading\" data-id=\"bf9dc52\" data-element_type=\"widget\" data-e-type=\"widget\" data-widget_type=\"heading.default\">\n\t\t\t\t\t<h2 class=\"elementor-heading-title elementor-size-default\">Aviso de privacidad sitio web<\/h2>\t\t\t\t<\/div>\n\t\t\t\t<div class=\"elementor-element elementor-element-0614c1a elementor-widget elementor-widget-text-editor\" data-id=\"0614c1a\" data-element_type=\"widget\" data-e-type=\"widget\" data-widget_type=\"text-editor.default\">\n\t\t\t\t\t\t\t\t\t<p>Informaci\u00f3n para los usuarios del sitio web www.amitour.it<\/p>\t\t\t\t\t\t\t\t<\/div>\n\t\t\t\t<div class=\"elementor-element elementor-element-4c85f0f elementor-widget elementor-widget-heading\" data-id=\"4c85f0f\" data-element_type=\"widget\" data-e-type=\"widget\" data-widget_type=\"heading.default\">\n\t\t\t\t\t<h3 class=\"elementor-heading-title elementor-size-default\">1. TITULAR DEL TRATAMIENTO<\/h3>\t\t\t\t<\/div>\n\t\t\t\t<div class=\"elementor-element elementor-element-e26af50 elementor-widget elementor-widget-text-editor\" data-id=\"e26af50\" data-element_type=\"widget\" data-e-type=\"widget\" data-widget_type=\"text-editor.default\">\n\t\t\t\t\t\t\t\t\t<p>De conformidad con art. 13 del Regolamento (UE) 2016\/679 (GDPR), Le informamos que Sus datos personales ser\u00e1n tratados por Ami Group Srl, con domicilio social en Via Palestro, 30 \u2013 00185 Roma, P.IVA 03596700835, en calidad de Responsable del Tratamiento. Puede contactar al Responsable en la direcci\u00f3n de correo electr\u00f3nico: groups@amitour.it o al n\u00famero de tel\u00e9fono 06 67881234.<\/p>\t\t\t\t\t\t\t\t<\/div>\n\t\t\t\t<div class=\"elementor-element elementor-element-c65507f elementor-widget elementor-widget-heading\" data-id=\"c65507f\" data-element_type=\"widget\" data-e-type=\"widget\" data-widget_type=\"heading.default\">\n\t\t\t\t\t<h3 class=\"elementor-heading-title elementor-size-default\">2. TIPOLOG\u00cdA DE DATOS TRATADOS Y FINALIDADES<\/h3>\t\t\t\t<\/div>\n\t\t\t\t<div class=\"elementor-element elementor-element-bcd1bc4 elementor-widget elementor-widget-text-editor\" data-id=\"bcd1bc4\" data-element_type=\"widget\" data-e-type=\"widget\" data-widget_type=\"text-editor.default\">\n\t\t\t\t\t\t\t\t\t<p><strong>Datos de navegaci\u00f3n<\/strong><br\/>Los sistemas inform\u00e1ticos y los procedimientos software encargados del funcionamiento de este sitio web adquieren, en el curso de su funcionamiento normal, algunos datos personales cuya transmisi\u00f3n es impl\u00edcita en el uso de los protocolos de comunicaci\u00f3n de Internet (p. ej., direcciones IP, nombres de dominio de los equipos utilizados por los usuarios, hora de la solicitud, etc.). <\/p><p><strong>Finalidad<\/strong>: Garantizar el correcto funcionamiento t\u00e9cnico del sitio web y la seguridad inform\u00e1tica.<\/p><p><strong>Base jur\u00eddica<\/strong>: Inter\u00e9s leg\u00edtimo del Responsable (Art. 6, par. 1, lett. f, GDPR).<\/p><p><strong>Datos proporcionados voluntariamente por el usuario<\/strong><br\/>El env\u00edo facultativo, expl\u00edcito y voluntario de correo electr\u00f3nico a las direcciones indicadas en este sitio implica la adquisici\u00f3n posterior de la direcci\u00f3n del remitente, necesaria para responder a las solicitudes, as\u00ed como de los posibles dem\u00e1s datos personales incluidos en la misiva.<\/p><p><strong>Finalidad<\/strong>: Responder a las solicitudes de informaci\u00f3n enviadas por los usuarios a trav\u00e9s de los contactos presentes en el sitio.<\/p><p><strong>Base jur\u00eddica<\/strong>: Ejecuci\u00f3n de medidas precontractuales adoptadas a petici\u00f3n del interesado (Art. 6, par. 1, lett. b, GDPR).<\/p>\t\t\t\t\t\t\t\t<\/div>\n\t\t\t\t<div class=\"elementor-element elementor-element-20cad6f elementor-widget elementor-widget-heading\" data-id=\"20cad6f\" data-element_type=\"widget\" data-e-type=\"widget\" data-widget_type=\"heading.default\">\n\t\t\t\t\t<h3 class=\"elementor-heading-title elementor-size-default\">3. MODALIDADES DEL TRATAMIENTO Y CONSERVACI\u00d3N<\/h3>\t\t\t\t<\/div>\n\t\t\t\t<div class=\"elementor-element elementor-element-3be97cc elementor-widget elementor-widget-text-editor\" data-id=\"3be97cc\" data-element_type=\"widget\" data-e-type=\"widget\" data-widget_type=\"text-editor.default\">\n\t\t\t\t\t\t\t\t\t<p>El tratamiento de los datos personales se realiza por medio de las operaciones indicadas al art. 4 n. 2) GDPR. Los datos personales son sometidos a tratamiento electr\u00f3nico y\/o automatizado, respetando las medidas de seguridad t\u00e9cnicas y organizativas adecuadas (Art. 32 GDPR).   <\/p><p>Los datos de navegaci\u00f3n se eliminan inmediatamente despu\u00e9s del tratamiento (salvo eventuales necesidades de constataci\u00f3n de delitos por parte de la Autoridad judicial). Los datos proporcionados voluntariamente por los usuarios ser\u00e1n conservados por el tiempo estrictamente necesario para atender la solicitud (m\u00e1ximo 12 meses si no sigue un contrato). <\/p>\t\t\t\t\t\t\t\t<\/div>\n\t\t\t\t<div class=\"elementor-element elementor-element-8442fb9 elementor-widget elementor-widget-heading\" data-id=\"8442fb9\" data-element_type=\"widget\" data-e-type=\"widget\" data-widget_type=\"heading.default\">\n\t\t\t\t\t<h3 class=\"elementor-heading-title elementor-size-default\">4. DESTINATARIOS DE LOS DATOS<\/h3>\t\t\t\t<\/div>\n\t\t\t\t<div class=\"elementor-element elementor-element-01b0521 elementor-widget elementor-widget-text-editor\" data-id=\"01b0521\" data-element_type=\"widget\" data-e-type=\"widget\" data-widget_type=\"text-editor.default\">\n\t\t\t\t\t\t\t\t\t<p>Sus datos personales podr\u00e1n ser comunicados a:<\/p><ul><li>Personal interno autorizado al tratamiento;<\/li><li>Proveedores de servicios de TI, proveedor de hosting (Readymag) y gestores del sitio web (Responsables del Trattamiento);<\/li><li>Proveedores de servicios de anal\u00edtica y marketing (p. ej. Google), previo Su consentimiento.<\/li><\/ul>\t\t\t\t\t\t\t\t<\/div>\n\t\t\t\t<div class=\"elementor-element elementor-element-acc1843 elementor-widget elementor-widget-heading\" data-id=\"acc1843\" data-element_type=\"widget\" data-e-type=\"widget\" data-widget_type=\"heading.default\">\n\t\t\t\t\t<h3 class=\"elementor-heading-title elementor-size-default\">5. POL\u00cdTICA DE COOKIES<\/h3>\t\t\t\t<\/div>\n\t\t\t\t<div class=\"elementor-element elementor-element-a069ac7 elementor-widget elementor-widget-text-editor\" data-id=\"a069ac7\" data-element_type=\"widget\" data-e-type=\"widget\" data-widget_type=\"text-editor.default\">\n\t\t\t\t\t\t\t\t\t<p>Nuestro sitio web utiliza cookies y otras tecnolog\u00edas relacionadas para garantizar el correcto funcionamiento de las p\u00e1ginas y mejorar la experiencia de navegaci\u00f3n.<\/p><p><strong>\u00bfQu\u00e9 son las cookies?<\/strong><br>Las cookies son peque\u00f1os archivos de texto que los sitios visitados por los usuarios env\u00edan a sus terminales, donde se almacenan para ser luego retransmitidos a esos mismos sitios en la visita siguiente.<\/p><p><strong><strong>Cookies T\u00e9cnicos y Funcionales (Siempre activos)<\/strong><\/strong><br\/>Estas cookies son necesarias para el correcto funcionamiento del sitio web y no pueden desactivarse en nuestros sistemas. No requieren el consentimiento previo del usuario. <\/p>\t\t\t\t\t\t\t\t<\/div>\n\t\t\t\t<div class=\"elementor-element elementor-element-2585f10 elementor-widget elementor-widget-heading\" data-id=\"2585f10\" data-element_type=\"widget\" data-e-type=\"widget\" data-widget_type=\"heading.default\">\n\t\t\t\t\t<h3 class=\"elementor-heading-title elementor-size-default\">6. DERECHOS DEL INTERESADO<\/h3>\t\t\t\t<\/div>\n\t\t\t\t<div class=\"elementor-element elementor-element-939f46a elementor-widget elementor-widget-text-editor\" data-id=\"939f46a\" data-element_type=\"widget\" data-e-type=\"widget\" data-widget_type=\"text-editor.default\">\n\t\t\t\t\t\t\t\t\t<p>En Su calidad de interesado, Usted tiene los derechos previstos en artt. 15-22 del GDPR, entre ellos el derecho a obtener el acceso a los datos, la rectificaci\u00f3n, la supresi\u00f3n, la limitaci\u00f3n del tratamiento, la portabilidad de los datos, as\u00ed como el derecho a oponerse al tratamiento y a revocar el consentimiento prestado.<br\/>Para el ejercicio de Sus derechos, puede enviar una solicitud escrita al Responsable a la direcci\u00f3n de correo electr\u00f3nico: <strong>groups@amitour.it<\/strong><\/p>\t\t\t\t\t\t\t\t<\/div>\n\t\t\t\t\t<\/div>\n\t\t<\/div>\n\t\t\t\t\t<\/div>\n\t\t<\/section>\n\t\t\t\t<\/div>\n\t\t","protected":false},"excerpt":{"rendered":"<p>Aviso de privacidad sitio web Informaci\u00f3n para los usuarios del sitio web www.amitour.it 1. TITULAR DEL TRATAMIENTO De conformidad con art. 13 del Regolamento (UE) 2016\/679 (GDPR), Le informamos que Sus datos personales ser\u00e1n tratados por Ami Group Srl, con domicilio social en Via Palestro, 30 \u2013 00185 Roma, P.IVA 03596700835, en calidad de Responsable [&hellip;]<\/p>\n","protected":false},"author":1,"featured_media":0,"parent":0,"menu_order":0,"comment_status":"closed","ping_status":"closed","template":"elementor_header_footer","meta":{"footnotes":""},"class_list":["post-1888","page","type-page","status-publish","hentry"],"yoast_head":"<!-- This site is optimized with the Yoast SEO plugin v28.3 - https:\/\/yoast.com\/product\/yoast-seo-wordpress\/ -->\n<title>Pol\u00edtica de privacidad - Amitour<\/title>\n<meta name=\"robots\" content=\"noindex, nofollow\" \/>\n<meta property=\"og:locale\" content=\"es_ES\" \/>\n<meta property=\"og:type\" content=\"article\" \/>\n<meta property=\"og:title\" content=\"Pol\u00edtica de privacidad - Amitour\" \/>\n<meta property=\"og:description\" content=\"Aviso de privacidad sitio web Informaci\u00f3n para los usuarios del sitio web www.amitour.it 1. TITULAR DEL TRATAMIENTO De conformidad con art. 13 del Regolamento (UE) 2016\/679 (GDPR), Le informamos que Sus datos personales ser\u00e1n tratados por Ami Group Srl, con domicilio social en Via Palestro, 30 \u2013 00185 Roma, P.IVA 03596700835, en calidad de Responsable [&hellip;]\" \/>\n<meta property=\"og:url\" content=\"https:\/\/www.amitour.it\/es\/politica-de-privacidad\/\" \/>\n<meta property=\"og:site_name\" content=\"Amitour\" \/>\n<meta property=\"article:modified_time\" content=\"2026-07-28T09:51:56+00:00\" \/>\n<meta property=\"og:image\" content=\"https:\/\/www.amitour.it\/wp-content\/uploads\/2025\/11\/log-AMI-TOUR-2025.png\" \/>\n\t<meta property=\"og:image:width\" content=\"500\" \/>\n\t<meta property=\"og:image:height\" content=\"298\" \/>\n\t<meta property=\"og:image:type\" content=\"image\/png\" \/>\n<meta name=\"twitter:card\" content=\"summary_large_image\" \/>\n<meta name=\"twitter:label1\" content=\"Tiempo de lectura\" \/>\n\t<meta name=\"twitter:data1\" content=\"3 minutos\" \/>\n<script type=\"application\/ld+json\" class=\"yoast-schema-graph\">{\"@context\":\"https:\\\/\\\/schema.org\",\"@graph\":[{\"@type\":\"WebPage\",\"@id\":\"https:\\\/\\\/www.amitour.it\\\/es\\\/politica-de-privacidad\\\/\",\"url\":\"https:\\\/\\\/www.amitour.it\\\/es\\\/politica-de-privacidad\\\/\",\"name\":\"Pol\u00edtica de privacidad - Amitour\",\"isPartOf\":{\"@id\":\"https:\\\/\\\/www.amitour.it\\\/#website\"},\"datePublished\":\"2026-07-28T08:52:49+00:00\",\"dateModified\":\"2026-07-28T09:51:56+00:00\",\"breadcrumb\":{\"@id\":\"https:\\\/\\\/www.amitour.it\\\/es\\\/politica-de-privacidad\\\/#breadcrumb\"},\"inLanguage\":\"es\",\"potentialAction\":[{\"@type\":\"ReadAction\",\"target\":[\"https:\\\/\\\/www.amitour.it\\\/es\\\/politica-de-privacidad\\\/\"]}]},{\"@type\":\"BreadcrumbList\",\"@id\":\"https:\\\/\\\/www.amitour.it\\\/es\\\/politica-de-privacidad\\\/#breadcrumb\",\"itemListElement\":[{\"@type\":\"ListItem\",\"position\":1,\"name\":\"Home\",\"item\":\"https:\\\/\\\/www.amitour.it\\\/\"},{\"@type\":\"ListItem\",\"position\":2,\"name\":\"Pol\u00edtica de privacidad\"}]},{\"@type\":\"WebSite\",\"@id\":\"https:\\\/\\\/www.amitour.it\\\/#website\",\"url\":\"https:\\\/\\\/www.amitour.it\\\/\",\"name\":\"Amitour\",\"description\":\"Artigiani del Viaggio\",\"publisher\":{\"@id\":\"https:\\\/\\\/www.amitour.it\\\/#organization\"},\"potentialAction\":[{\"@type\":\"SearchAction\",\"target\":{\"@type\":\"EntryPoint\",\"urlTemplate\":\"https:\\\/\\\/www.amitour.it\\\/?s={search_term_string}\"},\"query-input\":{\"@type\":\"PropertyValueSpecification\",\"valueRequired\":true,\"valueName\":\"search_term_string\"}}],\"inLanguage\":\"es\"},{\"@type\":\"Organization\",\"@id\":\"https:\\\/\\\/www.amitour.it\\\/#organization\",\"name\":\"Amitour\",\"url\":\"https:\\\/\\\/www.amitour.it\\\/\",\"logo\":{\"@type\":\"ImageObject\",\"inLanguage\":\"es\",\"@id\":\"https:\\\/\\\/www.amitour.it\\\/#\\\/schema\\\/logo\\\/image\\\/\",\"url\":\"https:\\\/\\\/www.amitour.it\\\/wp-content\\\/uploads\\\/2025\\\/11\\\/log-AMI-TOUR-2025.png\",\"contentUrl\":\"https:\\\/\\\/www.amitour.it\\\/wp-content\\\/uploads\\\/2025\\\/11\\\/log-AMI-TOUR-2025.png\",\"width\":500,\"height\":298,\"caption\":\"Amitour\"},\"image\":{\"@id\":\"https:\\\/\\\/www.amitour.it\\\/#\\\/schema\\\/logo\\\/image\\\/\"}}]}<\/script>\n<!-- \/ Yoast SEO plugin. -->","yoast_head_json":{"title":"Pol\u00edtica de privacidad - Amitour","robots":{"index":"noindex","follow":"nofollow"},"og_locale":"es_ES","og_type":"article","og_title":"Pol\u00edtica de privacidad - Amitour","og_description":"Aviso de privacidad sitio web Informaci\u00f3n para los usuarios del sitio web www.amitour.it 1. TITULAR DEL TRATAMIENTO De conformidad con art. 13 del Regolamento (UE) 2016\/679 (GDPR), Le informamos que Sus datos personales ser\u00e1n tratados por Ami Group Srl, con domicilio social en Via Palestro, 30 \u2013 00185 Roma, P.IVA 03596700835, en calidad de Responsable [&hellip;]","og_url":"https:\/\/www.amitour.it\/es\/politica-de-privacidad\/","og_site_name":"Amitour","article_modified_time":"2026-07-28T09:51:56+00:00","og_image":[{"width":500,"height":298,"url":"https:\/\/www.amitour.it\/wp-content\/uploads\/2025\/11\/log-AMI-TOUR-2025.png","type":"image\/png"}],"twitter_card":"summary_large_image","twitter_misc":{"Tiempo de lectura":"3 minutos"},"schema":{"@context":"https:\/\/schema.org","@graph":[{"@type":"WebPage","@id":"https:\/\/www.amitour.it\/es\/politica-de-privacidad\/","url":"https:\/\/www.amitour.it\/es\/politica-de-privacidad\/","name":"Pol\u00edtica de privacidad - Amitour","isPartOf":{"@id":"https:\/\/www.amitour.it\/#website"},"datePublished":"2026-07-28T08:52:49+00:00","dateModified":"2026-07-28T09:51:56+00:00","breadcrumb":{"@id":"https:\/\/www.amitour.it\/es\/politica-de-privacidad\/#breadcrumb"},"inLanguage":"es","potentialAction":[{"@type":"ReadAction","target":["https:\/\/www.amitour.it\/es\/politica-de-privacidad\/"]}]},{"@type":"BreadcrumbList","@id":"https:\/\/www.amitour.it\/es\/politica-de-privacidad\/#breadcrumb","itemListElement":[{"@type":"ListItem","position":1,"name":"Home","item":"https:\/\/www.amitour.it\/"},{"@type":"ListItem","position":2,"name":"Pol\u00edtica de privacidad"}]},{"@type":"WebSite","@id":"https:\/\/www.amitour.it\/#website","url":"https:\/\/www.amitour.it\/","name":"Amitour","description":"Artigiani del Viaggio","publisher":{"@id":"https:\/\/www.amitour.it\/#organization"},"potentialAction":[{"@type":"SearchAction","target":{"@type":"EntryPoint","urlTemplate":"https:\/\/www.amitour.it\/?s={search_term_string}"},"query-input":{"@type":"PropertyValueSpecification","valueRequired":true,"valueName":"search_term_string"}}],"inLanguage":"es"},{"@type":"Organization","@id":"https:\/\/www.amitour.it\/#organization","name":"Amitour","url":"https:\/\/www.amitour.it\/","logo":{"@type":"ImageObject","inLanguage":"es","@id":"https:\/\/www.amitour.it\/#\/schema\/logo\/image\/","url":"https:\/\/www.amitour.it\/wp-content\/uploads\/2025\/11\/log-AMI-TOUR-2025.png","contentUrl":"https:\/\/www.amitour.it\/wp-content\/uploads\/2025\/11\/log-AMI-TOUR-2025.png","width":500,"height":298,"caption":"Amitour"},"image":{"@id":"https:\/\/www.amitour.it\/#\/schema\/logo\/image\/"}}]}},"_links":{"self":[{"href":"https:\/\/www.amitour.it\/es\/wp-json\/wp\/v2\/pages\/1888","targetHints":{"allow":["GET"]}}],"collection":[{"href":"https:\/\/www.amitour.it\/es\/wp-json\/wp\/v2\/pages"}],"about":[{"href":"https:\/\/www.amitour.it\/es\/wp-json\/wp\/v2\/types\/page"}],"author":[{"embeddable":true,"href":"https:\/\/www.amitour.it\/es\/wp-json\/wp\/v2\/users\/1"}],"replies":[{"embeddable":true,"href":"https:\/\/www.amitour.it\/es\/wp-json\/wp\/v2\/comments?post=1888"}],"version-history":[{"count":0,"href":"https:\/\/www.amitour.it\/es\/wp-json\/wp\/v2\/pages\/1888\/revisions"}],"wp:attachment":[{"href":"https:\/\/www.amitour.it\/es\/wp-json\/wp\/v2\/media?parent=1888"}],"curies":[{"name":"wp","href":"https:\/\/api.w.org\/{rel}","templated":true}]}}